{"id":510,"date":"2018-06-29T13:27:52","date_gmt":"2018-06-29T17:27:52","guid":{"rendered":"http:\/\/iftp.org\/?page_id=510"},"modified":"2022-01-27T15:29:41","modified_gmt":"2022-01-27T20:29:41","slug":"equipe","status":"publish","type":"page","link":"https:\/\/www.iftp.org\/index.php\/equipe\/","title":{"rendered":"Notre \u00e9quipe"},"content":{"rendered":"<p>L\u2019IFTP compte sur\u00a0un corps professoral qualifi\u00e9 auquel se joignent des collaborateurs et\u00a0collaboratrices qui ensemble, font de\u00a0l\u2019Institut un lieu de comp\u00e9tence o\u00f9 sont\u00a0abord\u00e9s toutes les facettes de la sph\u00e8re religieuse. Fortement enracin\u00e9s dans\u00a0le milieu\u00a0dioc\u00e9sain et communautaire, les membres du personnel mettent leurs ressources\u00a0\u00e0 la disposition de la population r\u00e9gionale.<\/p>\n<p>Tous les professeurs de l\u2019Institut d\u00e9tiennent\u00a0le statut de \u00ab professeurs associ\u00e9s \u00bb \u00e0 la Facult\u00e9 de th\u00e9ologie et de sciences\u00a0religieuses de l\u2019Universit\u00e9 Laval.<\/p>\n<h2>Corps professoral<\/h2>\n<span id=\"AnneMarieChapleau\" class=\"sta-anchor \" aria-hidden=\"true\"><\/span>\n<div class=\"su-row\"><div class=\"su-column su-column-size-1-5\"><div class=\"su-column-inner su-u-clearfix su-u-trim\">\n<h3>Anne-Marie Chapleau<\/h3>\n<p>Directrice des \u00e9tudes<\/p>\n<p><img class=\"alignnone size-full wp-image-1881\" src=\"http:\/\/iftp.org\/wp-content\/uploads\/2018\/07\/P1100399.jpg\" alt=\"Portrait d'Anne-Marie Chapleau\" \/><\/p>\n<p>418-543-2006 poste 268<\/p>\n<p><a href=\"mailto:a-m.chapleau@iftp.org\"><i class=\"fa fa-envelope-o \" ><\/i> a-m.chapleau@iftp.org<\/a><\/p>\n<\/div><\/div> <div class=\"su-column su-column-size-4-5\"><div class=\"su-column-inner su-u-clearfix su-u-trim\">\n<h4>Formation acad\u00e9mique<\/h4>\n<p><strong>Formation en s\u00e9miotique et en langues bibliques<\/strong> (2009-2010)<br \/>\n<em>Universit\u00e9 Catholique de Lyon<\/em><\/p>\n<p><strong>Ma\u00eetrise \u00e8s arts en th\u00e9ologie pratique<\/strong> (2003)<br \/>\n<em>Universit\u00e9 de Montr\u00e9al<\/em><\/p>\n<p><strong>Baccalaur\u00e9at en th\u00e9ologie<\/strong> (1998)<br \/>\n<em>Universit\u00e9 du Qu\u00e9bec \u00e0 Chicoutimi<\/em><\/p>\n<h4>Domaines d\u2019int\u00e9r\u00eat<\/h4>\n<ul>\n<li>L\u2019univers de la Bible. Ancien et Nouveau Testament<\/li>\n<li>Les premiers livres de la Bible<\/li>\n<li>Les \u00e9vangiles synoptiques<\/li>\n<li>Litt\u00e9rature paulinienne et johannique<\/li>\n<li>Les proph\u00e8tes de la Bible<\/li>\n<li>Lecture s\u00e9miotique<\/li>\n<\/ul>\n<h4>Engagements eccl\u00e9siaux et professionnels<\/h4>\n<ul>\n<li>Directrice des \u00e9tudes \u00e0 L\u2019Institut de formation th\u00e9ologique et pastorale (depuis 2011)<\/li>\n<li>Professeure \u00e0 L\u2019IFTP (professeure associ\u00e9e \u00e0 la FTSR de l\u2019Universit\u00e9 Laval) (depuis 2006)<\/li>\n<li>Charg\u00e9e de cours \u00e0 l\u2019Universit\u00e9 du Qu\u00e9bec \u00e0 Chicoutimi (2001 \u00e0 2008)<\/li>\n<li>Professionnelle de recherche \u00e0 l\u2019Unit\u00e9 d\u2019\u00c9tudes religieuses, Philosophie et \u00c9thique, UQAC (1999-2005)<\/li>\n<li>Animatrice d\u2019ateliers bibliques en milieu paroissial (depuis 1997)<\/li>\n<li>Engagement aux niveaux paroissial et dioc\u00e9sain aupr\u00e8s de D\u00e9veloppement et Paix (depuis 1985)<\/li>\n<li>Membre de la Soci\u00e9t\u00e9 canadienne de th\u00e9ologie<\/li>\n<li>Membre de l'Association catholique des \u00e9tudes bibliques au Canada (AC\u00c9BAC)<\/li>\n<\/ul>\n<h4>Publications r\u00e9centes<\/h4>\n<ul>\n<li>Recension: \u00c9liane et R\u00e9gis Burnet, <em>D\u00e9coder un tableau religieux. Ancien Testament<\/em>, Paris, Cerf, 2016, parue dans <em>Science et Esprit<\/em>, No 70, janvier-avril 2018, p. 123-125.<\/li>\n<li>Chapleau, Anne-Marie. \u00ab Quand le salut advient pour une maison. Lecture de Luc 19,1-10 \u00bb, 1re partie.\u00a0<em>S\u00e9miotique et Bible<\/em>\u00a0No 143, septembre 2011.<\/li>\n<li>Chapleau, Anne-Marie. \u00ab Quand le salut advient pour une maison. Lecture de Luc 19,1-10 \u00bb, 2e partie.\u00a0<em>S\u00e9miotique et Bible<\/em>\u00a0No 144, d\u00e9cembre 2011.<\/li>\n<li>Chapleau, Anne-Marie, Nicole Bourchard et Claude Gilbert.\u00a0 \u00ab Les aidantes en milieu naturel et le temps. Essai de th\u00e9ologie pratique\u00bb, dans Dumais, Monique (dir.), 2007,\u00a0<em>Franchir le miroir patriarcal. Pour une th\u00e9ologie des genres<\/em>. Montr\u00e9al, Fides, 344.<\/li>\n<li>Chapleau, Anne-Marie.\u00a0 \u00ab Psaume 138 : d\u2019un apprivoisement \u00e0 l\u2019autre \u00bb.\u00a0\u00a0<em>C\u00e9l\u00e9brer les heures<\/em>, No 50, \u00e9t\u00e9 2006.<\/li>\n<li>En collaboration avec Marc Girard, r\u00e9daction des notes sur les Psaumes pour\u00a0<em>La Bible expliqu\u00e9e<\/em>, Soci\u00e9t\u00e9 biblique canadienne, 2004.<\/li>\n<\/ul>\n<\/div><\/div><\/div>\n<hr \/>\n<span id=\"JocelynGirard\" class=\"sta-anchor \" aria-hidden=\"true\"><\/span>\n<div class=\"su-row\"><div class=\"su-column su-column-size-1-5\"><div class=\"su-column-inner su-u-clearfix su-u-trim\">\n<h3>Jocelyn Girard<\/h3>\n<p>Professeur, responsable de la formation continue<\/p>\n<p><img loading=\"lazy\" width=\"385\" height=\"512\" class=\"alignnone size-full wp-image-1902\" src=\"http:\/\/iftp.org\/wp-content\/uploads\/2018\/07\/P1100372.jpg\" alt=\"Portrait de Jocelyn Girard\" srcset=\"https:\/\/www.iftp.org\/wp-content\/uploads\/2018\/07\/P1100372.jpg 385w, https:\/\/www.iftp.org\/wp-content\/uploads\/2018\/07\/P1100372-226x300.jpg 226w\" sizes=\"(max-width: 385px) 100vw, 385px\" \/><\/p>\n<p>418-543-2006 poste 243<\/p>\n<p><a href=\"mailto:j.girard@iftp.org\"><i class=\"fa fa-envelope-o \" ><\/i> j.girard@iftp.org<\/a><\/p>\n<\/div><\/div> <div class=\"su-column su-column-size-4-5\"><div class=\"su-column-inner su-u-clearfix su-u-trim\">\n<h4>Formation acad\u00e9mique<\/h4>\n<p><strong>Ph.D. en Th\u00e9ologie pratique<\/strong> (1997)<br \/>\n<em>Universit\u00e9 de Montr\u00e9al (en ext. \u00e0 l'UQAC)<\/em><\/p>\n<p><strong>Ma\u00eetrise \u00e8s arts en th\u00e9ologie pratique<\/strong> (1986)<br \/>\n<em>Universit\u00e9 de Montr\u00e9al (en ext. \u00e0 l'UQAC)<\/em><\/p>\n<p><strong>Baccalaur\u00e9at sp\u00e9cialis\u00e9 en th\u00e9ologie<\/strong> (1984)<br \/>\n<em>Universit\u00e9 du Qu\u00e9bec \u00e0 Chicoutimi<\/em><\/p>\n<h4>Domaines d\u2019int\u00e9r\u00eat<\/h4>\n<ul>\n<li>La cat\u00e9ch\u00e8se et la formation \u00e0 la vie chr\u00e9tienne (avec un accent privil\u00e9gi\u00e9 pour les adultes)<\/li>\n<li>\u00c9thique chr\u00e9tienne<\/li>\n<li>Christologie<\/li>\n<li>Eccl\u00e9siologie<\/li>\n<li>Engagement social pour la transformation du monde<\/li>\n<\/ul>\n<h4>Engagements eccl\u00e9siaux et professionnels<\/h4>\n<ul>\n<li>Charg\u00e9 de cours \u00e0 l'UQAC, 2018 et 2019.<\/li>\n<li>Agent de pastorale au sein de l'\u00c9quipe dioc\u00e9saine de pastorale (de 2010 \u00e0 2018) avec une pr\u00e9sence importante sur les r\u00e9seaux sociaux.<\/li>\n<li>Professeur \u00e0 L\u2019IFTP (professeur associ\u00e9 \u00e0 la FTSR de l\u2019Universit\u00e9 Laval) (depuis 2015)<\/li>\n<li>Cofondateur du\u00a0<a href=\"http:\/\/coexister.quebec\/\" target=\"_blank\" rel=\"noopener noreferrer\">Collectif Coexister au Saguenay-Lac-St-Jean <i class=\"fa fa-external-link \" ><\/i><\/a>.<\/li>\n<li>Membre de la TRICEF (Table de r\u00e9flexion sur l'initiation chr\u00e9tienne et l'\u00e9ducation de la foi).<\/li>\n<li>Directeur de L'Arche-Montr\u00e9al (Jean Vanier) de 2003 \u00e0 2010.<\/li>\n<li>Directeur de L'Arche de la Vall\u00e9e (France) de 1999 \u00e0 2003.<\/li>\n<li>Consultant en communications et en informatique de 1989 \u00e0 1998 (Qu\u00e9bec et Paris)<\/li>\n<li>Charg\u00e9 de cours \u00e0 l'UQAC (d\u00e9partement des sciences religieuses) de 1984 \u00e0 1997.<\/li>\n<li>Administrateur de\u00a0<a href=\"http:\/\/fjordjeunesse.org\/\" target=\"_blank\" rel=\"noopener noreferrer\">Fjord Jeunesse inc. <i class=\"fa fa-external-link \" ><\/i><\/a>\u00a0de 2010 \u00e0 2014.<\/li>\n<li>Tr\u00e9sorier, pr\u00e9sident et administrateur de\u00a0<a href=\"https:\/\/association1emmanuel.wordpress.com\/\" target=\"_blank\" rel=\"noopener noreferrer\">l'Association Emmanuel <i class=\"fa fa-external-link \" ><\/i><\/a>(Adoption) de 2004 \u00e0 2017.<\/li>\n<li>Membre de la Soci\u00e9t\u00e9 canadienne de th\u00e9ologie, administrateur depuis 2017.<\/li>\n<li>Membre fondateur de Devenir Pr\u00e9sent. <a href=\"http:\/\/devenirpresent.org\/\" target=\"_blank\" rel=\"noopener noreferrer\">Devenir Pr\u00e9sent <i class=\"fa fa-external-link \" ><\/i><\/a>.<\/li>\n<\/ul>\n<h4>Publications r\u00e9centes<\/h4>\n<ul>\n<li>\u00ab Entrevoir une nouvelle signifiance en contexte minoritaire \u00bb, dans <em>Demain l'\u00c9glise : Lettres aux catholiques qui veulent esp\u00e9rer<\/em>, Novalis, 2019, p. 109-120.<\/li>\n<li>\u00ab Du sang coulant dans les veines \u00e0 celui qui s'\u00e9coule du coeur \u00bb,\u00a0<em>Cahiers de spiritualit\u00e9 ignatienne<\/em>, No 149, mai-ao\u00fbt 2017.<\/li>\n<li>Collaboration r\u00e9guli\u00e8re avec les web magazines <a href=\"http:\/\/presence-info.ca\/auteurs\/jocelyn-girard\"><em>Pr\u00e9sence-info.ca<\/em><\/a><i>, <\/i><a href=\"http:\/\/www.missioncheznous.com\/author\/jocelyn-girard\/\"><em>Missions chez nous<\/em><\/a> et autres.<\/li>\n<li>R\u00e9daction d'articles pour la chronique \"Spiritualit\u00e9\" du journal Le Progr\u00e8s.<\/li>\n<li>Tenue d'un blogue personnel intitul\u00e9\u00a0<a href=\"http:\/\/jocelyn62.wordpress.com\/\"><em>Culture et Foi<\/em> <i class=\"fa fa-external-link \" ><\/i><\/a>.<\/li>\n<\/ul>\n<\/div><\/div><\/div>\n<hr \/>\n<span id=\"FredericTremblay\" class=\"sta-anchor \" aria-hidden=\"true\"><\/span>\n<div class=\"su-row\"><div class=\"su-column su-column-size-1-5\"><div class=\"su-column-inner su-u-clearfix su-u-trim\">\n<h3>Fr\u00e9d\u00e9ric Tremblay<\/h3>\n<p>Formateur<\/p>\n<p><img loading=\"lazy\" width=\"385\" height=\"512\" class=\"alignnone size-full wp-image-1905\" src=\"http:\/\/iftp.org\/wp-content\/uploads\/2018\/07\/P1100390.jpg\" alt=\"Portrait de Fr\u00e9d\u00e9ric Tremblay\" srcset=\"https:\/\/www.iftp.org\/wp-content\/uploads\/2018\/07\/P1100390.jpg 385w, https:\/\/www.iftp.org\/wp-content\/uploads\/2018\/07\/P1100390-226x300.jpg 226w\" sizes=\"(max-width: 385px) 100vw, 385px\" \/><\/p>\n<p>418-543-2006 poste 226<\/p>\n<p><a href=\"mailto:f.tremblay@iftp.org\"><i class=\"fa fa-envelope-o \" ><\/i> f.tremblay@iftp.org<\/a><\/p>\n<\/div><\/div> <div class=\"su-column su-column-size-4-5\"><div class=\"su-column-inner su-u-clearfix su-u-trim\">\n<h4>Formation acad\u00e9mique<\/h4>\n<p><strong>Ma\u00eetrise \u00e8s arts en th\u00e9ologie<\/strong> (2020)<br \/>\n<em>Universit\u00e9 Laval (Qu\u00e9bec)<\/em><\/p>\n<p>M\u00e9moire <a href=\"http:\/\/www.iftp.org\/wp-content\/uploads\/2020\/10\/m%C3%A9moire-final.pdf\">L'animation biblique de toute la pastorale<\/a><\/p>\n<p><strong>Baccalaur\u00e9at en th\u00e9ologie<\/strong> (1994)<br \/>\n<em>Universit\u00e9 du Qu\u00e9bec \u00e0 Chicoutimi<\/em><\/p>\n<h4>Domaines d\u2019int\u00e9r\u00eat<\/h4>\n<ul>\n<li>\u00c9critures, bible et partage de la Parole<\/li>\n<li>Cat\u00e9ch\u00e8se, \u00e9ducation de la foi, \u00e9vang\u00e9lisation<\/li>\n<li>Spiritualit\u00e9 et ph\u00e9nom\u00e8nes paranormaux<\/li>\n<li>Les m\u00e9dias d'information, cin\u00e9ma<\/li>\n<li>Auteur, compositeur, interpr\u00e8te<\/li>\n<li>La R\u00e9forme et les Conciles<\/li>\n<li>Le pape Fran\u00e7ois<\/li>\n<\/ul>\n<h4>Engagements eccl\u00e9siaux et professionnels<\/h4>\n<ul>\n<li>Membre de l'\u00e9quipe d'animation de l'Ermitage Saint-Antoine du Lac-Bouchette (\u00e9t\u00e9 2016).<\/li>\n<li>Animateur de vie spirituelle et d'engagement communautaire (C.S. Rives-du-Saguenay; Janvier \u00e0 juin\u00a02011).<\/li>\n<li>Agent de pastorale en milieu paroissial (1994-1997; 2004-2010).<\/li>\n<li>Responsable et animateur du Service de la Cat\u00e9ch\u00e8se des enfants (Zone pastorale Sud-du-Lac; 2001-2004).<\/li>\n<li>Animateur de pastorale au primaire (C.S du-du-pays-des-bleuets; 2001-2004).<\/li>\n<li>Animateur pour les zones pastorales Nord-du-Lac et Sud-du-Lac (1999-2001; 2001-2004).<\/li>\n<li>Membre de la Soci\u00e9t\u00e9 canadienne de th\u00e9ologie.<\/li>\n<\/ul>\n<h4>Publications r\u00e9centes<\/h4>\n<ul>\n<li>Depuis mai 2017, collaborateur au Messager de Saint-Antoine par la r\u00e9daction d\u2019une chronique mensuelle.<\/li>\n<li>Depuis Avril 2020, collaborateur \u00e0 la revue <em>Vie Liturgiqu<\/em>e pour la r\u00e9daction des fiches <em>Au jour Dieu.<\/em><\/li>\n<li>Publication de textes dans certains p\u00e9riodiques pastoraux tels que\u00a0: Prions en \u00c9glise,\u00a0Pr\u00eatre et Pasteur, Pastorale Qu\u00e9bec, Le Messager de St-Antoine.<\/li>\n<li>\u00c9criture et composition du chant th\u00e8me de l\u2019Avent 2005 pour la revue <em>Vie Liturgique<\/em>, publi\u00e9e dans tous les dioc\u00e8ses catholiques francophones du Canada (chant th\u00e8me repris en 2018).<\/li>\n<li>Collaboration \u00e0 un recueil qui puise dans les textes publi\u00e9s dans la revue\u00a0<em>Pr\u00eatres et pasteurs<\/em>, pour accompagner le deuil et les fun\u00e9railles au cours des cinq derni\u00e8res ann\u00e9es.\u00a0Sous la direction de Jean-Yves Garneau,\u00a0<em>Notre vie ne sera pas d\u00e9truite<\/em>,\u00a0 Novalis, Montr\u00e9al, 2011.<\/li>\n<li>Recension: Catherine Vialle, B\u00e9n\u00e9dicte Draillard (dir), <em>Ce que dit la Bible sur\u2026 l\u2019arbre<\/em>, Bruy\u00e8res-le-Ch\u00e2tel, Nouvelle Cit\u00e9, 2016, parue dans <em>Science et Esprit<\/em>, No 70, septembre-d\u00e9cembre 2018, p. 433-434.<\/li>\n<\/ul>\n<\/div><\/div><\/div>\n<h2>Personnel administratif<\/h2>\n<span id=\"NadineTremblay\" class=\"sta-anchor \" aria-hidden=\"true\"><\/span>\n<div class=\"su-row\"><div class=\"su-column su-column-size-1-5\"><div class=\"su-column-inner su-u-clearfix su-u-trim\">\n<h3>Nadine Tremblay<\/h3>\n<p>Adjointe administrative<br \/>\n<img loading=\"lazy\" class=\"alignleft wp-image-10107\" src=\"http:\/\/www.iftp.org\/wp-content\/uploads\/2021\/04\/Photo-le-21-04-14-a\u0300-21.15-2-240x300.jpg\" alt=\"\" width=\"285\" height=\"356\" srcset=\"https:\/\/www.iftp.org\/wp-content\/uploads\/2021\/04\/Photo-le-21-04-14-a\u0300-21.15-2-240x300.jpg 240w, https:\/\/www.iftp.org\/wp-content\/uploads\/2021\/04\/Photo-le-21-04-14-a\u0300-21.15-2.jpg 523w\" sizes=\"(max-width: 285px) 100vw, 285px\" \/><br \/>\n418-543-2006 poste 230<br \/>\n<a href=\"mailto:n.tremblay@iftp.org\"><i class=\"fa fa-envelope-o \" ><\/i> n.tremblay@iftp.org<\/a><br \/>\n<\/div><\/div> <div class=\"su-column su-column-size-4-5\"><div class=\"su-column-inner su-u-clearfix su-u-trim\">\n<\/div><\/div><\/div>\n<span id=\"Collaborateurs\" class=\"sta-anchor \" aria-hidden=\"true\"><\/span>\n<h2>Collaborateurs et collaboratrices<\/h2>\n<div class=\"su-row sectionCollaborateurs\"><div class=\"su-column su-column-size-1-3\"><div class=\"su-column-inner su-u-clearfix su-u-trim\">\n<h3>Pierre Cardinal<\/h3>\n<p><img loading=\"lazy\" class=\"alignnone wp-image-2205 size-full\" src=\"http:\/\/www.iftp.org\/wp-content\/uploads\/2018\/08\/P1100312-e1580740319609.jpg\" alt=\"\" width=\"300\" height=\"399\" \/><br \/>\n<i class=\"fa fa-envelope-o \" ><\/i> <a href=\"mailto:info@iftp.org\">info@iftp.org<\/a><\/p>\n<p style=\"text-align: left;\">D\u00e9tenteur d'une ma\u00eetrise et d'un doctorat en th\u00e9ologie de l'Universit\u00e9 Laval, Pierre Cardinal est pr\u00e9sentement directeur de l'Institut de pastorale de l'Archidioc\u00e8se de Rimouski.\u00a0 Il a \u00e9t\u00e9 professeur et formateur \u00e0 l\u2019IFTP de 2016 \u00e0 2019, principalement dans les domaines des \u00e9tudes bibliques et de la th\u00e9ologie. Il supervisait aussi les communications \u00e0 l\u2019Institut et coordonnait le d\u00e9veloppement de la biblioth\u00e8que Jean-Guy-Couture. Il fut auparavant directeur de la revue <em>En Son Nom \u2013 Vie consacr\u00e9e aujourd'hui<\/em> (2014-2016). En marge de ses \u00e9tudes, il a \u00e9t\u00e9 r\u00e9dacteur en chef adjoint de la revue <em>Scriptura -Nouvelle S\u00e9rie<\/em>(2011-2013).<\/p>\n<\/div><\/div> <div class=\"su-column su-column-size-1-3\"><div class=\"su-column-inner su-u-clearfix su-u-trim\">\n<h3>Denis C\u00f4t\u00e9<\/h3>\n<p><img loading=\"lazy\" class=\"alignnone wp-image-1920 size-full\" src=\"http:\/\/iftp.org\/wp-content\/uploads\/2018\/07\/Denis-Cote.jpg\" alt=\"Denis C\u00f4t\u00e9\" width=\"300\" height=\"400\" srcset=\"https:\/\/www.iftp.org\/wp-content\/uploads\/2018\/07\/Denis-Cote.jpg 300w, https:\/\/www.iftp.org\/wp-content\/uploads\/2018\/07\/Denis-Cote-225x300.jpg 225w\" sizes=\"(max-width: 300px) 100vw, 300px\" \/><br \/>\n<i class=\"fa fa-envelope-o \" ><\/i> <a href=\"mailto:info@iftp.org\">info@iftp.org<\/a><\/p>\n<p style=\"text-align: left;\">D\u00e9tenteur d\u2019une licence canonique \u00e0 l'Institut catholique de Paris, d'un certificat en sciences de l'\u00e9ducation (UQAC) et d'une ma\u00eetrise en th\u00e9ologie pratique de l'Universit\u00e9 de Montr\u00e9al, en extension \u00e0 l'UQAC, l'abb\u00e9 Denis C\u00f4t\u00e9 s'int\u00e9resse particuli\u00e8rement \u00e0 la th\u00e9ologie sacramentaire et la liturgie. Avant d'\u00eatre professeur r\u00e9gulier \u00e0 L'IFTP d\u00e8s sa fondation en 2004, Denis C\u00f4t\u00e9 a \u00e9t\u00e9 enseignant au niveau secondaire en enseignement moral et religieux catholique au S\u00e9minaire Marie-Reine-du-Clerg\u00e9 (1993-2004) et directeur g\u00e9n\u00e9ral des Services \u00e9ducatifs de cette m\u00eame institution (1998-2001). De plus, l'abb\u00e9 C\u00f4t\u00e9 a \u00e9t\u00e9 directeur g\u00e9n\u00e9ral de L'IFTP de 2010 \u00e0 2015.<\/p>\n<\/div><\/div> <div class=\"su-column su-column-size-1-3\"><div class=\"su-column-inner su-u-clearfix su-u-trim\">\n<h3>Isabelle Dallaire<\/h3>\n<p><img loading=\"lazy\" class=\"alignnone wp-image-3449 size-medium\" src=\"http:\/\/www.iftp.org\/wp-content\/uploads\/2019\/01\/Isabelle-Dallaire.jpg\" alt=\"\" width=\"300\" height=\"400\" \/><br \/>\n<a href=\"mailto:isabelle.dallaire@evechedechicoutimi.qc.ca\"> isabelle.dallaire@evechedechicoutimi.qc.ca<\/a><\/p>\n<p style=\"text-align: left;\">Isabelle Dallaire a travaill\u00e9 comme agente de pastorale d\u00e8s l\u2019obtention de son baccalaur\u00e9at en th\u00e9ologie en 1992 (UQAC). Elle \u0153uvre tout d\u2019abord \u00e0 la paroisse Saint-Sacrement jusqu\u2019en 1998. Par la suite, elle travaille dans les paroisses Saint-Mathias et Saint-Jacques, puis enfin pour le grand Arvida. \u00c0 partir de 2010, elle revient au Lac-Saint-Jean exercer son minist\u00e8re d\u2019agente de pastorale pour l\u2019Unit\u00e9 Sud du Lac. Elle entreprend ensuite des \u00e9tudes de 2e cycle en droit canonique et en th\u00e9ologie \u00e0 l\u2019Universit\u00e9 Saint-Paul \u00e0 Ottawa, avant de succ\u00e9der \u00e0 M. Raynald C\u00f4t\u00e9 \u00e0 la chancellerie, en janvier 2017. Mme Dallaire a si\u00e9g\u00e9 au Conseil d\u2019administration de l\u2019Institut de 2008 \u00e0 2013.<\/p>\n<\/div><\/div> <div class=\"su-column su-column-size-1-3\"><div class=\"su-column-inner su-u-clearfix su-u-trim\">\n<div class=\"su-row sectionCollaborateurs\"><\/div><div class=\"su-column su-column-size-1-3\"><div class=\"su-column-inner su-u-clearfix su-u-trim\"><\/div><\/div>\n<\/div><\/div> <div class=\"su-column su-column-size-4-5\"><div class=\"su-column-inner su-u-clearfix su-u-trim\">\n<\/div><\/div><\/div>\n<span id=\"Collaborateurs\" class=\"sta-anchor \" aria-hidden=\"true\"><\/span>\n<div class=\"su-row sectionCollaborateurs\"><div class=\"su-column su-column-size-1-3\"><div class=\"su-column-inner su-u-clearfix su-u-trim\">\n<h3><\/h3>\n<h3>France Fortin<\/h3>\n<h3><img loading=\"lazy\" class=\"alignleft wp-image-3120\" src=\"http:\/\/www.iftp.org\/wp-content\/uploads\/2018\/10\/France-Fortin-oct-2018-385px-e1538595907693-226x300.jpg\" alt=\"\" width=\"300\" height=\"398\" srcset=\"https:\/\/www.iftp.org\/wp-content\/uploads\/2018\/10\/France-Fortin-oct-2018-385px-e1538595907693-226x300.jpg 226w, https:\/\/www.iftp.org\/wp-content\/uploads\/2018\/10\/France-Fortin-oct-2018-385px-e1538595907693.jpg 385w\" sizes=\"(max-width: 300px) 100vw, 300px\" \/><\/h3>\n<p style=\"text-align: left;\">D\u00e9tentrice d\u2019une ma\u00eetrise \u00e8s arts en th\u00e9ologie et d'un baccalaur\u00e9at en th\u00e9ologie de l'Universit\u00e9 Laval, d'une acr\u00e9ditation de guide spirituelle ignatienne, d'une formation sp\u00e9cialis\u00e9e en accompagnement spirituel ignatien et d'une formation g\u00e9n\u00e9rale en p\u00e9dagogie spirituelle ignatienne au Centre de spiritualit\u00e9 Manr\u00e8se, France Fortin est pr\u00e9sentement agente de planification, programmation et recherche et intervenant en soins spirituels au CIUSSS du Saguenay-Lac-Saint-Jean. Elle a \u00e9t\u00e9 professeure et formatrice \u00e0 l'IFTP de 2016 \u00e0 2020 o\u00f9 elle a assur\u00e9 la direction g\u00e9n\u00e9rale \u00e0 partir de 2017. Elle a \u00e9galement \u00e9t\u00e9 responsable du service d'accompagnement spirituel des pr\u00eatres, diacres et agents de pastorale la\u00efque du Dioc\u00e8se de Chicoutimi de 2013 \u00e0 2020, agente de pastorale la\u00efque en milieux paroissiaux et charg\u00e9e de pastorale dans les \u00e9coles primaires de 1995 \u00e0 2004.<\/p>\n<\/div><\/div> <div class=\"su-column su-column-size-1-3\"><div class=\"su-column-inner su-u-clearfix su-u-trim\">\n<div class=\"su-row sectionCollaborateurs\"><\/div><div class=\"su-column su-column-size-1-3\"><div class=\"su-column-inner su-u-clearfix su-u-trim\"><\/div><\/div>\n<h3>Andr\u00e9e Larouche<\/h3>\n<p><img loading=\"lazy\" class=\"alignnone wp-image-1919\" src=\"http:\/\/iftp.org\/wp-content\/uploads\/2018\/07\/Andree-Larouche.jpg\" alt=\"Andr\u00e9e Larouche\" width=\"300\" height=\"300\" \/><\/p>\n<p style=\"text-align: left;\">D\u00e9tentrice d\u2019un baccalaur\u00e9at en enseignement des sciences religieuses de l\u2019UQAC et d\u2019une ma\u00eetrise en th\u00e9ologie de l\u2019Universit\u00e9 Laval, Mme Andr\u00e9e Larouche a \u0153uvr\u00e9 pendant treize ans \u00e0 l\u2019IFTP, qu\u2019elle a dirig\u00e9 de 2015 \u00e0 2017. Elle \u00e9tait auparavant animatrice pour les zones pastorales de Valin et de Chicoutimi. Parmi ses domaines d\u2019int\u00e9r\u00eat, mentionnons l\u2019eccl\u00e9siologie, le la\u00efcat dans la perspective de Vatican II et l\u2019\u00e9thique sociale et politique. Parall\u00e8lement \u00e0 son travail, Mme Larouche est engag\u00e9e dans le milieu communautaire, notamment pour lutter contre la violence faite aux femmes. Elle fut d\u2019ailleurs r\u00e9pondante \u00e0 la condition des femmes au dioc\u00e8se de Chicoutimi de 1997 \u00e0 2004.<\/p>\n<\/div><\/div> <div class=\"su-column su-column-size-1-3\"><div class=\"su-column-inner su-u-clearfix su-u-trim\">\n<div class=\"su-row sectionCollaborateurs\"><\/div><div class=\"su-column su-column-size-1-4\"><div class=\"su-column-inner su-u-clearfix su-u-trim\"><\/div><\/div>\n<h3>Ren\u00e9e Lepage<\/h3>\n<p><img loading=\"lazy\" class=\"alignleft wp-image-4550\" src=\"http:\/\/www.iftp.org\/wp-content\/uploads\/2020\/02\/83636664_2759802067399877_2358552552972222464_n-225x300.jpg\" alt=\"\" width=\"300\" height=\"400\" \/><\/p>\n<p style=\"text-align: left;\">D\u00e9tentrice d'un certificat en sant\u00e9 mentale de l'Universit\u00e9 du Qu\u00e9bec \u00e0 Rimouski, elle d\u00e9tient un dipl\u00f4me d'\u00e9tudes sup\u00e9rieures sp\u00e9cialis\u00e9es en\u00a0 Relation d'aide et accompagnement spirituel et d'un Baccalaur\u00e9at en th\u00e9ologie de l'Universit\u00e9 du Qu\u00e9bec \u00e0 Chicoutimi et d'un DEC en Technique d'\u00e9ducation sp\u00e9cialis\u00e9e du C\u00e9gep de Jonqui\u00e8re, Ren\u00e9e Lepage est pr\u00e9sentement intervenant en soins spirituels au CIUSSS du Saguenay-Lac-Saint-Jean. Membre du conseil d'administration de la Corporation les adolescents et la vie de quartier de Chicoutimi depuis 2017, elle offre de l'accompagnement spirituel et de la relation d'aide aupr\u00e8s d'adultes vivant une probl\u00e9matique de sant\u00e9 mentale depuis 1996. Elle a \u00e9t\u00e9 formatrice, coach et accompagnatrice des leaders pr\u00eatres et agents de pastorale la\u00efques \u00e0 l'IFTP de 2019 \u00e0 2021 ainsi qu'au Dioc\u00e8se de Chicoutimi de 1994 \u00e0 2001 et de 2013 \u00e0 2019 o\u00f9 elle a \u00e9galement fait de l'accompagnement individuel et spirituel, a supervis\u00e9 les \u00e9quipes pastorales et les b\u00e9n\u00e9voles, a \u00e9t\u00e9 agente de pastorale dans des paroisses et a assur\u00e9 la pr\u00e9sidence et l'animation de diverses c\u00e9l\u00e9brations liturgiques. Elle a aussi \u00e9t\u00e9 \u00e9ducatrice sp\u00e9cialis\u00e9e de 2008 \u00e0 2013 et animatrice louveau au 150e groupe Scout de Chicoutimi.<\/p>\n<\/div><\/div><\/div><div class=\"su-column su-column-size-1-4\"><div class=\"su-column-inner su-u-clearfix su-u-trim\">\n<hr \/>\n<\/div><\/div>\n<span id=\"ConseilAdministration\" class=\"sta-anchor \" aria-hidden=\"true\"><\/span>\n<h2>Conseil d'administration<\/h2>\n<p>Selon ses statuts et r\u00e8glements, L'IFTP est dirig\u00e9 par un conseil d'administration nomm\u00e9 par l'\u00c9v\u00eaque dioc\u00e9sain. Le Conseil est compos\u00e9 de Mme Karine Cloutier, pr\u00e9sidente, M. Harold Tremblay, diacre, M. l\u2019abb\u00e9 Louis-Marie Beaumont, Sr France Croussette, a.m., M. Fran\u00e7ois \u00c9mond, Mme Louise Grand'Maison et M. Serge B\u00e9lair.<\/p>\n<p><!--\n<img loading=\"lazy\" width=\"640\" height=\"480\" class=\"alignnone size-full wp-image-1925\" src=\"http:\/\/iftp.org\/wp-content\/uploads\/2018\/07\/conseil-administration.jpeg\" alt=\"Photo conseil d'administration\" srcset=\"https:\/\/www.iftp.org\/wp-content\/uploads\/2018\/07\/conseil-administration.jpeg 640w, https:\/\/www.iftp.org\/wp-content\/uploads\/2018\/07\/conseil-administration-300x225.jpeg 300w\" sizes=\"(max-width: 640px) 100vw, 640px\" \/>\n\nDevant : <strong>M. Mario Savard<\/strong>, apl, vice-pr\u00e9sident; <strong>M. l\u2019abb\u00e9 Raymond Marcil<\/strong>, ptre; <strong>Mme Carolle Raymond-Coadou<\/strong>\nDerri\u00e8re : <strong>M. Harold Tremblay<\/strong>; <strong>M. Rodrigue Gravel<\/strong>, pr\u00e9sident; \u00a0<a href=\"#AndreeLarouche\"><strong>Mme Andr\u00e9e Larouche<\/strong><\/a>, directrice de L'Institut et enseignante.\n--><\/p>\n<span id=\"ConseilAcademique\" class=\"sta-anchor \" aria-hidden=\"true\"><\/span>\n<h2>Conseil acad\u00e9mique et de formation continue<\/h2>\n<p>Le conseil acad\u00e9mique et de formation continue a pour r\u00f4le de conseiller la direction g\u00e9n\u00e9rale de l'IFTP.<\/p>\n<p>La mission qui lui est confi\u00e9e a deux volets:<\/p>\n<ol>\n<li>Accueillir les besoins de formation universitaire des divers minist\u00e8res, les analyser et proposer des r\u00e9ponses ad\u00e9quates;<\/li>\n<li>Comme instance de concertation, recevoir et \u00e9tudier l'ensemble des besoins et des demandes de formation continue transmis par ses membres.<\/li>\n<\/ol>\n","protected":false},"excerpt":{"rendered":"<p>L\u2019IFTP compte sur\u00a0un corps professoral qualifi\u00e9 auquel se joignent des collaborateurs et\u00a0collaboratrices qui ensemble, font de\u00a0l\u2019Institut un lieu de comp\u00e9tence o\u00f9 sont\u00a0abord\u00e9s toutes les facettes de la sph\u00e8re religieuse. Fortement enracin\u00e9s dans\u00a0le milieu\u00a0dioc\u00e9sain et communautaire, les membres du personnel mettent leurs ressources\u00a0\u00e0 la disposition de la population r\u00e9gionale. Tous les professeurs de l\u2019Institut d\u00e9tiennent\u00a0le statut [&hellip;]<\/p>\n","protected":false},"author":1,"featured_media":0,"parent":0,"menu_order":0,"comment_status":"closed","ping_status":"closed","template":"","meta":[],"_links":{"self":[{"href":"https:\/\/www.iftp.org\/index.php\/wp-json\/wp\/v2\/pages\/510"}],"collection":[{"href":"https:\/\/www.iftp.org\/index.php\/wp-json\/wp\/v2\/pages"}],"about":[{"href":"https:\/\/www.iftp.org\/index.php\/wp-json\/wp\/v2\/types\/page"}],"author":[{"embeddable":true,"href":"https:\/\/www.iftp.org\/index.php\/wp-json\/wp\/v2\/users\/1"}],"replies":[{"embeddable":true,"href":"https:\/\/www.iftp.org\/index.php\/wp-json\/wp\/v2\/comments?post=510"}],"version-history":[{"count":226,"href":"https:\/\/www.iftp.org\/index.php\/wp-json\/wp\/v2\/pages\/510\/revisions"}],"predecessor-version":[{"id":18532,"href":"https:\/\/www.iftp.org\/index.php\/wp-json\/wp\/v2\/pages\/510\/revisions\/18532"}],"wp:attachment":[{"href":"https:\/\/www.iftp.org\/index.php\/wp-json\/wp\/v2\/media?parent=510"}],"curies":[{"name":"wp","href":"https:\/\/api.w.org\/{rel}","templated":true}]}}